{"id":9332,"date":"2016-02-29T16:21:51","date_gmt":"2016-02-29T15:21:51","guid":{"rendered":"https:\/\/2022.swisschamberconcerts.ch\/fr\/zuerich\/"},"modified":"2025-08-21T12:40:16","modified_gmt":"2025-08-21T11:40:16","slug":"zuerich","status":"publish","type":"page","link":"https:\/\/swisschamberconcerts.ch\/fr\/zuerich\/","title":{"rendered":"Zurich"},"content":{"rendered":"<div class=\"wpb-content-wrapper\"><p>[vc_row][vc_column width=\u00a0\u00bb1\/3&Prime;][vc_column_text css=\u00a0\u00bb.vc_custom_1534895616237{padding-top: 40px !important;}\u00a0\u00bb]<\/p>\n<h1>Saison 25\/26<\/h1>\n<hr \/>\n<p>[\/vc_column_text][vc_column_text]<\/p>\n<h3><strong>OPUS<\/strong><strong>MUSICA<br \/>\n<\/strong><\/h3>\n<h4><strong>Chers\u00a0amis des SWISS CHAMBER CONCERTS,<\/strong><\/h4>\n<h4>Elles sont\u00a0compos\u00e9es, not\u00e9es, copi\u00e9es, imprim\u00e9es, jou\u00e9es, enregistr\u00e9es, cit\u00e9es, parodi\u00e9es, combin\u00e9es, prot\u00e9g\u00e9es, exploit\u00e9es&#8230; Le traitement des \u0153uvres\u00a0musicales\u00a0dans\u00a0toute\u00a0sa\u00a0diversit\u00e9\u00a0est\u00a0rest\u00e9\u00a0une\u00a0pratique\u00a0intacte\u00a0jusqu&rsquo;\u00e0 nos jours, souvent \u00e0 tel\u00a0point\u00a0qu&rsquo;on en oublie\u00a0presque le concept et la notion. Selon le contexte\u00a0culturel et le discours\u00a0qui\u00a0s&rsquo;y\u00a0rapporte, des interpr\u00e9tations tr\u00e8s divergentes peuvent\u00a0toutefois\u00a0appara\u00eetre :\u00a0qu&rsquo;est-ce\u00a0donc\u00a0qu&rsquo;une\u00a0\u0153uvre, un \u00ab opus \u00bb \u2013 d&rsquo;un\u00a0point de vue \u00e9tymologique, ontologique, esth\u00e9tique, pragmatique, juridique ?\u00a0Depuis\u00a0quand\u00a0peut-on parler de mani\u00e8re\u00a0pertinente\u00a0d&rsquo;\u0153uvres et de leurs\u00a0cons\u00e9quences\u00a0dans\u00a0l&rsquo;histoire de la musique ? La p\u00e9riode\u00a0pendant\u00a0laquelle\u00a0elles\u00a0peuvent\u00a0pr\u00e9tendre \u00e0 une\u00a0validit\u00e9\u00a0est-elle historiquement\u00a0limit\u00e9e, ou\u00a0ont-elles\u00a0toujours\u00a0exist\u00e9, du moins en th\u00e9orie ? Et pourquoi existent-elles\u00a0encore, apr\u00e8s la \u00ab mort de l&rsquo;auteur \u00bb (Roland Barthes) et malgr\u00e9\u00a0toutes\u00a0les\u00a0contestations\u00a0\u00e9manant des milieux des \u00e9tudes\u00a0sur la performance et de l&rsquo;avant-garde musicale\u00a0depuis\u00a0les\u00a0ann\u00e9es 1960 et 1970 ?<\/h4>\n<h4>\u00ab Opus \u00bb explore\u00a0ces\u00a0questions et bien\u00a0d&rsquo;autres\u00a0encore \u00e0 travers cinq\u00a0projets\u00a0aux\u00a0concepts, combinaisons\u00a0d&rsquo;\u0153uvres, approches\u00a0interpr\u00e9tatives et animations\u00a0cibl\u00e9es tr\u00e8s vari\u00e9s. Il permet\u00a0d&rsquo;approfondir la d\u00e9finition large du terme \u00ab opus \u00bb et de la notion\u00a0d&rsquo;\u0153uvre en g\u00e9n\u00e9ral, tout en profitant\u00a0pleinement des r\u00e9sultats sonores avec nos quelque\u00a0quarante\u00a0musiciens et musiciennes. Nos programmes\u00a0sont des \u0153uvres\u00a0d&rsquo;art totales divertissantes et con\u00e7ues\u00a0avec\u00a0une\u00a0pr\u00e9cision\u00a0dramaturgique, chacune\u00a0\u00e9tant\u00a0un\u00a0petit \u00ab Opus SCC \u00bb \u00e0 part\u00a0enti\u00e8re, qui\u00a0promettent\u00a0depuis\u00a0maintenant 26 ans des exp\u00e9riences de concert\u00a0extraordinaires\u00a0avec\u00a0un m\u00e9lange rafra\u00eechissant de musique\u00a0ancienne et nouvelle. Les\u00a0premi\u00e8res\u00a0collaborations\u00a0avec le Lyceo\u00a0Artistico Z\u00fcrich et le Conservatoire de Winterthur, la pr\u00e9sentation de la star\u00a0italienne de la guitare Giampaolo Bandini, les\u00a0jeunes\u00a0solistes et ensembles de Rising Stars ainsi\u00a0que\u00a0les\u00a0concerts\u00a0classiques\u00a0populaires et \u00e9prouv\u00e9s\u00a0avec nos fantastiques\u00a0solistes \u00e0 vent, le c\u00e9l\u00e8bre quatuor \u00e0 cordes de Winterthur et la traditionnelle carte blanche\u00a0d\u00e9di\u00e9e \u00e0 Heinz Holliger garantissent\u00a0une\u00a0saison de musique de chambre\u00a0riche en moments\u00a0forts.<\/h4>\n<h4>Je me\u00a0r\u00e9jouis\u00a0d&rsquo;ores et d\u00e9j\u00e0 de votre\u00a0visite et des nombreuses\u00a0nouvelles\u00a0rencontres\u00a0dans la salle de concert.<\/h4>\n<h4>Cordialement<\/h4>\n<h4><strong>J\u00fcrg D\u00e4hler<\/strong><\/h4>\n<h5><em>Directeur artistique SWISS CHAMBER CONCERTS Zurich<\/em><\/h5>\n<h5><\/h5>\n<h3><\/h3>\n<h5><\/h5>\n<p>[\/vc_column_text][\/vc_column][vc_column width=\u00a0\u00bb2\/3&Prime;][vc_column_text css=\u00a0\u00bb.vc_custom_1458151013555{padding-top: 40px !important;}\u00a0\u00bb]<\/p>\n<h1 style=\"text-align: left;\">Prochains concerts<\/h1>\n<hr \/>\n<p>[\/vc_column_text]    \t<section class=\"un-post-scroller un-post-scroller-5108 \" data-delay=0>\n        \t<div class=\"section-inner-no-padding\">\n                <div class=\"post-scroller-wrap\">\n                    <div class=\"post-scroller-carousel\" data-next='.post-scroller-down' data-prev='.post-scroller-up'>\n                    <div class=\"post-scroller-carousel-inner\">\n                                        <\/div>\n                    <\/div>\n                    <div class=\"post-scroller-control\">\n                        <span class=\"post-scroller-button-wrap\">\n                        \t<a class=\"btn btn-primary post-scroller-button post-scroller-down\" href=\"#\"><i class=\"fa fa-angle-down\"><\/i><\/a>\n                        \t<a class=\"btn btn-primary post-scroller-button post-scroller-up\" href=\"#\"> <i class=\"fa fa-angle-up\"><\/i><\/a>\n                        <\/span>\n                                            <\/div>\n                <\/div>\n            <\/div><!--\/section-inner-->\n        <\/section><!--\/u-post-carousel-->\n\t[vc_column_text css=\u00a0\u00bb.vc_custom_1458151023260{padding-top: 40px !important;}\u00a0\u00bb]<\/p>\n<h1>Pr\u00e9c\u00e9dents\u00a0Concerts<\/h1>\n<hr \/>\n<p>[\/vc_column_text]    \t<section class=\"un-post-scroller un-post-scroller-9762 \" data-delay=0>\n        \t<div class=\"section-inner-no-padding\">\n                <div class=\"post-scroller-wrap\">\n                    <div class=\"post-scroller-carousel\" data-next='.post-scroller-down' data-prev='.post-scroller-up'>\n                    <div class=\"post-scroller-carousel-inner\">\n                                            <div class=\"post-scroller-item\">\n                        \t<div class=\"scroller-item-inner\">\n                            \t<div class=\"scroller-item-content post-item-mini\">\n                                \t<div class=\"row\">\n                                        <div class=\"col-md-4 col-sm-4 col-xs-4 post-thumbnail-mini\">\n                                        \t<div class=\"item-thumbnail\">\n                                            <a href=\"https:\/\/swisschamberconcerts.ch\/fr\/concert\/opusholliger-3\/\" title=\"OPUSHOLLIGER\">\n                                                                                                <img loading=\"lazy\" decoding=\"async\" src=\"https:\/\/swisschamberconcerts.ch\/wp-content\/uploads\/2025\/06\/Heinz_Holliger_Priska_Ketterer-150x150.jpeg\" width=\"150\" height=\"150\" title=\"OPUSHOLLIGER\" alt=\"OPUSHOLLIGER\">\n                                                <div class=\"thumbnail-hoverlay main-color-1-bg\"><\/div>\n\t\t\t\t\t\t\t\t\t\t\t\t<div class=\"thumbnail-hoverlay-cross\"><\/div>\n                                            <\/a>\n                                            <\/div>\n                                        <\/div>\n                                        <div class=\"col-md-8 col-sm-8 col-xs-8 post-content-mini\">\n                                            <h4><a class=\"post-title-mini main-color-1-hover\" href=\"https:\/\/swisschamberconcerts.ch\/fr\/concert\/opusholliger-3\/\" title=\"OPUSHOLLIGER\">OPUS<span style=\"color: #d30039;\">HOLLIGER<\/span><\/a><\/h4>\n                                            <div class=\"post-excerpt-mini\">JEAN-PHILIPPE RAMEAU <sup>1683-1764<\/sup><br>\r\nCLAUDE DEBUSSY <sup>1862-1918<\/sup><br>\r\nCHARLES KOECHLIN <sup>1867-1950<\/sup><br>\r\nPHILIPPE RACINE <sup>*1958<\/sup><br>\r\nHEINZ HOLLIGER <sup>*1939<\/sup><br>\r\nGY\u00d6RGY KURT\u00c1G <sup>*1926<\/sup><br>\r\nJOHANN CHRISTIAN BACH <sup>1735-1782<\/sup><br><\/div>\n                                        <\/div>\n                                    <\/div>\n                                <\/div><!--\/post-item-mini-->\n                            <\/div>\n                        <\/div><!--\/post-scroller-item-->\n                                            <div class=\"post-scroller-item\">\n                        \t<div class=\"scroller-item-inner\">\n                            \t<div class=\"scroller-item-content post-item-mini\">\n                                \t<div class=\"row\">\n                                        <div class=\"col-md-4 col-sm-4 col-xs-4 post-thumbnail-mini\">\n                                        \t<div class=\"item-thumbnail\">\n                                            <a href=\"https:\/\/swisschamberconcerts.ch\/fr\/concert\/opusbeethoven\/\" title=\"OPUSBEETHOVEN\">\n                                                                                                <img loading=\"lazy\" decoding=\"async\" src=\"https:\/\/swisschamberconcerts.ch\/wp-content\/uploads\/2025\/08\/SHOSTAKOVITCH-150x150.jpg\" width=\"150\" height=\"150\" title=\"OPUSBEETHOVEN\" alt=\"OPUSBEETHOVEN\">\n                                                <div class=\"thumbnail-hoverlay main-color-1-bg\"><\/div>\n\t\t\t\t\t\t\t\t\t\t\t\t<div class=\"thumbnail-hoverlay-cross\"><\/div>\n                                            <\/a>\n                                            <\/div>\n                                        <\/div>\n                                        <div class=\"col-md-8 col-sm-8 col-xs-8 post-content-mini\">\n                                            <h4><a class=\"post-title-mini main-color-1-hover\" href=\"https:\/\/swisschamberconcerts.ch\/fr\/concert\/opusbeethoven\/\" title=\"OPUSBEETHOVEN\">OPUS<span style=\"color: #d30039;\">BEETHOVEN<\/span><\/a><\/h4>\n                                            <div class=\"post-excerpt-mini\">DMITRI CHOSTAKOVITCH<sup>1906-1975<\/sup><br>\r\nALFRED FELDER <sup>*1950<\/sup><br>\r\nLUDWIG VAN BEETHOVEN <sup>1770-1727<\/sup><br><\/div>\n                                        <\/div>\n                                    <\/div>\n                                <\/div><!--\/post-item-mini-->\n                            <\/div>\n                        <\/div><!--\/post-scroller-item-->\n                                            <div class=\"post-scroller-item\">\n                        \t<div class=\"scroller-item-inner\">\n                            \t<div class=\"scroller-item-content post-item-mini\">\n                                \t<div class=\"row\">\n                                        <div class=\"col-md-4 col-sm-4 col-xs-4 post-thumbnail-mini\">\n                                        \t<div class=\"item-thumbnail\">\n                                            <a href=\"https:\/\/swisschamberconcerts.ch\/fr\/concert\/opusrisingstars\/\" title=\"OPUSRISINGSTARS\">\n                                                                                                <img loading=\"lazy\" decoding=\"async\" src=\"https:\/\/swisschamberconcerts.ch\/wp-content\/uploads\/2020\/07\/jurgdahlerconcert-150x150.png\" width=\"150\" height=\"150\" title=\"OPUSRISINGSTARS\" alt=\"OPUSRISINGSTARS\">\n                                                <div class=\"thumbnail-hoverlay main-color-1-bg\"><\/div>\n\t\t\t\t\t\t\t\t\t\t\t\t<div class=\"thumbnail-hoverlay-cross\"><\/div>\n                                            <\/a>\n                                            <\/div>\n                                        <\/div>\n                                        <div class=\"col-md-8 col-sm-8 col-xs-8 post-content-mini\">\n                                            <h4><a class=\"post-title-mini main-color-1-hover\" href=\"https:\/\/swisschamberconcerts.ch\/fr\/concert\/opusrisingstars\/\" title=\"OPUSRISINGSTARS\">OPUS<span style=\"color: #d30039;\">RISINGSTARS<\/span><\/a><\/h4>\n                                            <div class=\"post-excerpt-mini\">\u00c9tudiants et ensembles des masterclasses de Schaffhouse 2026, des Hautes \u00e9coles de musique suisses et du Conservatoire de Winterthur<\/div>\n                                        <\/div>\n                                    <\/div>\n                                <\/div><!--\/post-item-mini-->\n                            <\/div>\n                        <\/div><!--\/post-scroller-item-->\n                                            <div class=\"post-scroller-item\">\n                        \t<div class=\"scroller-item-inner\">\n                            \t<div class=\"scroller-item-content post-item-mini\">\n                                \t<div class=\"row\">\n                                        <div class=\"col-md-4 col-sm-4 col-xs-4 post-thumbnail-mini\">\n                                        \t<div class=\"item-thumbnail\">\n                                            <a href=\"https:\/\/swisschamberconcerts.ch\/fr\/concert\/opusmussorgsky\/\" title=\"OPUSMOUSSORGSKI\">\n                                                                                                <img loading=\"lazy\" decoding=\"async\" src=\"https:\/\/swisschamberconcerts.ch\/wp-content\/uploads\/2025\/06\/OPUS-MUSSORGSKY_7564\u00a9MiguelBueno-150x150.jpg\" width=\"150\" height=\"150\" title=\"OPUSMOUSSORGSKI\" alt=\"OPUSMOUSSORGSKI\">\n                                                <div class=\"thumbnail-hoverlay main-color-1-bg\"><\/div>\n\t\t\t\t\t\t\t\t\t\t\t\t<div class=\"thumbnail-hoverlay-cross\"><\/div>\n                                            <\/a>\n                                            <\/div>\n                                        <\/div>\n                                        <div class=\"col-md-8 col-sm-8 col-xs-8 post-content-mini\">\n                                            <h4><a class=\"post-title-mini main-color-1-hover\" href=\"https:\/\/swisschamberconcerts.ch\/fr\/concert\/opusmussorgsky\/\" title=\"OPUSMOUSSORGSKI\">OPUS<span style=\"color: #d30039;\">MOUSSORGSKI<\/span><\/a><\/h4>\n                                            <div class=\"post-excerpt-mini\">MAURICE RAVEL <sup>1875-1937<\/sup><br>\r\nMODESTE MOUSSORGSKI <sup>1839-1881<\/sup><br>\r\nMICHAIL GLINKA <sup>1804-1857<\/sup><br>\r\nSTEFAN WIRTH <sup>*1975<\/sup><br><\/div>\n                                        <\/div>\n                                    <\/div>\n                                <\/div><!--\/post-item-mini-->\n                            <\/div>\n                        <\/div><!--\/post-scroller-item-->\n                                            <div class=\"post-scroller-item\">\n                        \t<div class=\"scroller-item-inner\">\n                            \t<div class=\"scroller-item-content post-item-mini\">\n                                \t<div class=\"row\">\n                                        <div class=\"col-md-4 col-sm-4 col-xs-4 post-thumbnail-mini\">\n                                        \t<div class=\"item-thumbnail\">\n                                            <a href=\"https:\/\/swisschamberconcerts.ch\/fr\/concert\/opus-boccherini\/\" title=\"OPUSBOCCHERINI\">\n                                                                                                <img loading=\"lazy\" decoding=\"async\" src=\"https:\/\/swisschamberconcerts.ch\/wp-content\/uploads\/2018\/04\/Irene-Abrigo-Credits-Sophie-Robert-Nicoud-3-150x150.jpeg\" width=\"150\" height=\"150\" title=\"OPUSBOCCHERINI\" alt=\"OPUSBOCCHERINI\">\n                                                <div class=\"thumbnail-hoverlay main-color-1-bg\"><\/div>\n\t\t\t\t\t\t\t\t\t\t\t\t<div class=\"thumbnail-hoverlay-cross\"><\/div>\n                                            <\/a>\n                                            <\/div>\n                                        <\/div>\n                                        <div class=\"col-md-8 col-sm-8 col-xs-8 post-content-mini\">\n                                            <h4><a class=\"post-title-mini main-color-1-hover\" href=\"https:\/\/swisschamberconcerts.ch\/fr\/concert\/opus-boccherini\/\" title=\"OPUSBOCCHERINI\">OPUS<span style=\"color: #d30039;\">BOCCHERINI<\/span><\/a><\/h4>\n                                            <div class=\"post-excerpt-mini\">EUG\u00c8NE YSA\u0178E <sup>1858-1931<\/sup><br>\r\nBOHUSLAV MARTIN\u016e <sup>1890-1959<\/sup><br>\r\nMARIO CASTELNUOVO-TEDESCO <sup>1895-1968 <\/sup><br>\r\nMAURIZIO PISATI <sup>*1959<\/sup><br>\r\nNICCOL\u00d2 PAGANINI <sup>1782-1840<\/sup><br>\r\nMISCHA K\u00c4SER <sup>*1959<\/sup><br>\r\nLUIGI BOCCHERINI <sup>1743-1805<\/sup><br><\/div>\n                                        <\/div>\n                                    <\/div>\n                                <\/div><!--\/post-item-mini-->\n                            <\/div>\n                        <\/div><!--\/post-scroller-item-->\n                                            <div class=\"post-scroller-item\">\n                        \t<div class=\"scroller-item-inner\">\n                            \t<div class=\"scroller-item-content post-item-mini\">\n                                \t<div class=\"row\">\n                                        <div class=\"col-md-4 col-sm-4 col-xs-4 post-thumbnail-mini\">\n                                        \t<div class=\"item-thumbnail\">\n                                            <a href=\"https:\/\/swisschamberconcerts.ch\/fr\/concert\/echogrieg\/\" title=\"ECHOGRIEG\">\n                                                                                                <img loading=\"lazy\" decoding=\"async\" src=\"https:\/\/swisschamberconcerts.ch\/wp-content\/uploads\/2021\/07\/konzert-juni-2025-150x150.png\" width=\"150\" height=\"150\" title=\"ECHOGRIEG\" alt=\"ECHOGRIEG\">\n                                                <div class=\"thumbnail-hoverlay main-color-1-bg\"><\/div>\n\t\t\t\t\t\t\t\t\t\t\t\t<div class=\"thumbnail-hoverlay-cross\"><\/div>\n                                            <\/a>\n                                            <\/div>\n                                        <\/div>\n                                        <div class=\"col-md-8 col-sm-8 col-xs-8 post-content-mini\">\n                                            <h4><a class=\"post-title-mini main-color-1-hover\" href=\"https:\/\/swisschamberconcerts.ch\/fr\/concert\/echogrieg\/\" title=\"ECHOGRIEG\">ECHO<span style=\"color: #ee0d27;\">GRIEG<\/span><\/a><\/h4>\n                                            <div class=\"post-excerpt-mini\">LAURA VALBORG AULIN <sup>1860-1928<\/sup><br>\r\nHANS ABRAHAMSEN <sup>*1952<\/sup><br>\r\nEDVARD GRIEG <sup>1843-1907<\/sup><br><\/div>\n                                        <\/div>\n                                    <\/div>\n                                <\/div><!--\/post-item-mini-->\n                            <\/div>\n                        <\/div><!--\/post-scroller-item-->\n                                            <div class=\"post-scroller-item\">\n                        \t<div class=\"scroller-item-inner\">\n                            \t<div class=\"scroller-item-content post-item-mini\">\n                                \t<div class=\"row\">\n                                        <div class=\"col-md-4 col-sm-4 col-xs-4 post-thumbnail-mini\">\n                                        \t<div class=\"item-thumbnail\">\n                                            <a href=\"https:\/\/swisschamberconcerts.ch\/fr\/concert\/holliger\/\" title=\"ECHOHOLLIGER\">\n                                                                                                <img loading=\"lazy\" decoding=\"async\" src=\"https:\/\/swisschamberconcerts.ch\/wp-content\/uploads\/2018\/04\/Irene-Abrigo-Credits-Sophie-Robert-Nicoud-3-150x150.jpeg\" width=\"150\" height=\"150\" title=\"ECHOHOLLIGER\" alt=\"ECHOHOLLIGER\">\n                                                <div class=\"thumbnail-hoverlay main-color-1-bg\"><\/div>\n\t\t\t\t\t\t\t\t\t\t\t\t<div class=\"thumbnail-hoverlay-cross\"><\/div>\n                                            <\/a>\n                                            <\/div>\n                                        <\/div>\n                                        <div class=\"col-md-8 col-sm-8 col-xs-8 post-content-mini\">\n                                            <h4><a class=\"post-title-mini main-color-1-hover\" href=\"https:\/\/swisschamberconcerts.ch\/fr\/concert\/holliger\/\" title=\"ECHOHOLLIGER\">ECHO<span style=\"color: #ee0d27;\">HOLLIGER<\/span><\/a><\/h4>\n                                            <div class=\"post-excerpt-mini\">WOLFGANG AMADEUS MOZART <sup>1756-1791<\/sup><br>\r\nKLAUS HUBER <sup>1924-2017<\/sup><br>\r\nHEINZ HOLLIGER <sup>*1939<\/sup><br>\r\nFRANK MARTIN <sup>1890-1974<\/sup><br><\/div>\n                                        <\/div>\n                                    <\/div>\n                                <\/div><!--\/post-item-mini-->\n                            <\/div>\n                        <\/div><!--\/post-scroller-item-->\n                                            <div class=\"post-scroller-item\">\n                        \t<div class=\"scroller-item-inner\">\n                            \t<div class=\"scroller-item-content post-item-mini\">\n                                \t<div class=\"row\">\n                                        <div class=\"col-md-4 col-sm-4 col-xs-4 post-thumbnail-mini\">\n                                        \t<div class=\"item-thumbnail\">\n                                            <a href=\"https:\/\/swisschamberconcerts.ch\/fr\/concert\/echorisingstars\/\" title=\"ECHORISINGSTARS\">\n                                                                                                <img loading=\"lazy\" decoding=\"async\" src=\"https:\/\/swisschamberconcerts.ch\/wp-content\/uploads\/2024\/08\/Vesselina-Kasarova-Photo-Marco-Borggreve-150x150.jpg\" width=\"150\" height=\"150\" title=\"ECHORISINGSTARS\" alt=\"ECHORISINGSTARS\">\n                                                <div class=\"thumbnail-hoverlay main-color-1-bg\"><\/div>\n\t\t\t\t\t\t\t\t\t\t\t\t<div class=\"thumbnail-hoverlay-cross\"><\/div>\n                                            <\/a>\n                                            <\/div>\n                                        <\/div>\n                                        <div class=\"col-md-8 col-sm-8 col-xs-8 post-content-mini\">\n                                            <h4><a class=\"post-title-mini main-color-1-hover\" href=\"https:\/\/swisschamberconcerts.ch\/fr\/concert\/echorisingstars\/\" title=\"ECHORISINGSTARS\">ECHO<span style=\"color: #ee0d27;\">RISING<\/span>STARS<\/a><\/h4>\n                                            <div class=\"post-excerpt-mini\">Programme selon annonce<\/div>\n                                        <\/div>\n                                    <\/div>\n                                <\/div><!--\/post-item-mini-->\n                            <\/div>\n                        <\/div><!--\/post-scroller-item-->\n                                            <div class=\"post-scroller-item\">\n                        \t<div class=\"scroller-item-inner\">\n                            \t<div class=\"scroller-item-content post-item-mini\">\n                                \t<div class=\"row\">\n                                        <div class=\"col-md-4 col-sm-4 col-xs-4 post-thumbnail-mini\">\n                                        \t<div class=\"item-thumbnail\">\n                                            <a href=\"https:\/\/swisschamberconcerts.ch\/fr\/concert\/echolangbein\/\" title=\"ECHOLANGBEIN\">\n                                                                                                <img loading=\"lazy\" decoding=\"async\" src=\"https:\/\/swisschamberconcerts.ch\/wp-content\/uploads\/2024\/08\/jurg-dahler-ireneabrigo02-150x150.jpeg\" width=\"150\" height=\"150\" title=\"ECHOLANGBEIN\" alt=\"ECHOLANGBEIN\">\n                                                <div class=\"thumbnail-hoverlay main-color-1-bg\"><\/div>\n\t\t\t\t\t\t\t\t\t\t\t\t<div class=\"thumbnail-hoverlay-cross\"><\/div>\n                                            <\/a>\n                                            <\/div>\n                                        <\/div>\n                                        <div class=\"col-md-8 col-sm-8 col-xs-8 post-content-mini\">\n                                            <h4><a class=\"post-title-mini main-color-1-hover\" href=\"https:\/\/swisschamberconcerts.ch\/fr\/concert\/echolangbein\/\" title=\"ECHOLANGBEIN\">ECHO<span style=\"color: #ee0d27;\">LANGBEIN<\/span><\/a><\/h4>\n                                            <div class=\"post-excerpt-mini\">JOHANN SEBASTIAN BACH<\/b> <sup>1685-1750<\/sup><br>\r\nBRENTON LANGBEIN<\/b> <sup>1928-1993<\/sup><br>\r\nHANS WERNER HENZE<\/b> <sup>1926-2012<\/sup><br>\r\nALFRED FELDER<\/b> <sup>*1950<\/sup><br>\r\n<\/div>\n                                        <\/div>\n                                    <\/div>\n                                <\/div><!--\/post-item-mini-->\n                            <\/div>\n                        <\/div><!--\/post-scroller-item-->\n                                            <div class=\"post-scroller-item\">\n                        \t<div class=\"scroller-item-inner\">\n                            \t<div class=\"scroller-item-content post-item-mini\">\n                                \t<div class=\"row\">\n                                        <div class=\"col-md-4 col-sm-4 col-xs-4 post-thumbnail-mini\">\n                                        \t<div class=\"item-thumbnail\">\n                                            <a href=\"https:\/\/swisschamberconcerts.ch\/fr\/concert\/echosaariaho\/\" title=\"ECHOSAARIAHO\">\n                                                                                                <img loading=\"lazy\" decoding=\"async\" src=\"https:\/\/swisschamberconcerts.ch\/wp-content\/uploads\/2016\/01\/Pregardien-6-150x150.jpg\" width=\"150\" height=\"150\" title=\"ECHOSAARIAHO\" alt=\"ECHOSAARIAHO\">\n                                                <div class=\"thumbnail-hoverlay main-color-1-bg\"><\/div>\n\t\t\t\t\t\t\t\t\t\t\t\t<div class=\"thumbnail-hoverlay-cross\"><\/div>\n                                            <\/a>\n                                            <\/div>\n                                        <\/div>\n                                        <div class=\"col-md-8 col-sm-8 col-xs-8 post-content-mini\">\n                                            <h4><a class=\"post-title-mini main-color-1-hover\" href=\"https:\/\/swisschamberconcerts.ch\/fr\/concert\/echosaariaho\/\" title=\"ECHOSAARIAHO\">ECHO<span style=\"color: #ee0d27;\">SAARIAHO<\/span><\/a><\/h4>\n                                            <div class=\"post-excerpt-mini\"><b>FRANZ SCHUBERT<\/b> <sup>1797-1828<\/sup><br>\r\n<b>KAIJA SAARIAHO<\/b> <sup>1952-2023<\/sup><br>\r\n<b>GABRIEL FAUR\u00c9<\/b> <sup>1845-1924<\/sup><br>\r\n<b>ARVO P\u00c4RT<\/b> <sup>*1935<\/sup><br>\r\n<b>LOUIS ANDRIESSEN<\/b> <sup>1939-2021<\/sup><br>\r\n<b>FRANZ SCHUBERT<\/b> <sup>1797-1828<\/sup><br><\/div>\n                                        <\/div>\n                                    <\/div>\n                                <\/div><!--\/post-item-mini-->\n                            <\/div>\n                        <\/div><!--\/post-scroller-item-->\n                                        <\/div>\n                    <\/div>\n                    <div class=\"post-scroller-control\">\n                        <span class=\"post-scroller-button-wrap\">\n                        \t<a class=\"btn btn-primary post-scroller-button post-scroller-down\" href=\"#\"><i class=\"fa fa-angle-down\"><\/i><\/a>\n                        \t<a class=\"btn btn-primary post-scroller-button post-scroller-up\" href=\"#\"> <i class=\"fa fa-angle-up\"><\/i><\/a>\n                        <\/span>\n                                            <\/div>\n                <\/div>\n            <\/div><!--\/section-inner-->\n        <\/section><!--\/u-post-carousel-->\n\t[vc_column_text css=\u00a0\u00bb.vc_custom_1458151023260{padding-top: 40px !important;}\u00a0\u00bb]<\/p>\n<p>[\/vc_column_text][\/vc_column][\/vc_row][vc_column width=\u00a0\u00bb1\/3&Prime;][\/vc_column]<\/p>\n<\/div>","protected":false},"excerpt":{"rendered":"<p>[vc_row][vc_column width=\u00a0\u00bb1\/3&Prime;][vc_column_text css=\u00a0\u00bb.vc_custom_1534895616237{padding-top: 40px !important;}\u00a0\u00bb] Saison 25\/26 [\/vc_column_text][vc_column_text] OPUSMUSICA Chers\u00a0amis des SWISS CHAMBER CONCERTS, Elles sont\u00a0compos\u00e9es, not\u00e9es, copi\u00e9es, imprim\u00e9es, jou\u00e9es, enregistr\u00e9es, cit\u00e9es, parodi\u00e9es, combin\u00e9es, prot\u00e9g\u00e9es, exploit\u00e9es&#8230; Le traitement des \u0153uvres\u00a0musicales\u00a0dans\u00a0toute\u00a0sa\u00a0diversit\u00e9\u00a0est\u00a0rest\u00e9\u00a0une\u00a0pratique\u00a0intacte\u00a0jusqu&rsquo;\u00e0 nos jours, souvent \u00e0 tel\u00a0point\u00a0qu&rsquo;on en oublie\u00a0presque le concept et la notion. Selon le contexte\u00a0culturel et le discours\u00a0qui\u00a0s&rsquo;y\u00a0rapporte, des interpr\u00e9tations tr\u00e8s divergentes peuvent\u00a0toutefois\u00a0appara\u00eetre :\u00a0qu&rsquo;est-ce\u00a0donc\u00a0qu&rsquo;une\u00a0\u0153uvre, un [&hellip;]<\/p>\n","protected":false},"author":2,"featured_media":0,"parent":0,"menu_order":0,"comment_status":"closed","ping_status":"closed","template":"","meta":{"_monsterinsights_skip_tracking":false,"_monsterinsights_sitenote_active":false,"_monsterinsights_sitenote_note":"","_monsterinsights_sitenote_category":0,"footnotes":""},"class_list":["post-9332","page","type-page","status-publish","hentry"],"_links":{"self":[{"href":"https:\/\/swisschamberconcerts.ch\/fr\/wp-json\/wp\/v2\/pages\/9332","targetHints":{"allow":["GET"]}}],"collection":[{"href":"https:\/\/swisschamberconcerts.ch\/fr\/wp-json\/wp\/v2\/pages"}],"about":[{"href":"https:\/\/swisschamberconcerts.ch\/fr\/wp-json\/wp\/v2\/types\/page"}],"author":[{"embeddable":true,"href":"https:\/\/swisschamberconcerts.ch\/fr\/wp-json\/wp\/v2\/users\/2"}],"replies":[{"embeddable":true,"href":"https:\/\/swisschamberconcerts.ch\/fr\/wp-json\/wp\/v2\/comments?post=9332"}],"version-history":[{"count":50,"href":"https:\/\/swisschamberconcerts.ch\/fr\/wp-json\/wp\/v2\/pages\/9332\/revisions"}],"predecessor-version":[{"id":19761,"href":"https:\/\/swisschamberconcerts.ch\/fr\/wp-json\/wp\/v2\/pages\/9332\/revisions\/19761"}],"wp:attachment":[{"href":"https:\/\/swisschamberconcerts.ch\/fr\/wp-json\/wp\/v2\/media?parent=9332"}],"curies":[{"name":"wp","href":"https:\/\/api.w.org\/{rel}","templated":true}]}}